{"id":805,"date":"2025-09-04T20:30:29","date_gmt":"2025-09-04T20:30:29","guid":{"rendered":"https:\/\/jonagami.com\/escolamestral\/?page_id=805"},"modified":"2025-10-07T13:15:15","modified_gmt":"2025-10-07T13:15:15","slug":"politica-de-privacidad","status":"publish","type":"page","link":"https:\/\/jonagami.com\/escolamestral\/politica-de-privacidad\/","title":{"rendered":"Pol\u00edtica de privadesa"},"content":{"rendered":"<p>[et_pb_section fb_built=&#8221;1&#8243; custom_padding_last_edited=&#8221;off|desktop&#8221; admin_label=&#8221;Header&#8221; _builder_version=&#8221;4.16&#8243; _module_preset=&#8221;default&#8221; background_color=&#8221;#fbfcfd&#8221; custom_padding=&#8221;6vw||0||false|false&#8221; custom_padding_tablet=&#8221;170px||50px|&#8221; global_colors_info=&#8221;{}&#8221;][et_pb_row _builder_version=&#8221;4.16&#8243; _module_preset=&#8221;default&#8221; global_colors_info=&#8221;{}&#8221;][et_pb_column type=&#8221;4_4&#8243; _builder_version=&#8221;4.16&#8243; _module_preset=&#8221;default&#8221; custom_padding=&#8221;|||&#8221; global_colors_info=&#8221;{}&#8221; custom_padding__hover=&#8221;|||&#8221;][et_pb_text admin_label=&#8221;Title&#8221; _builder_version=&#8221;4.27.4&#8243; _module_preset=&#8221;_initial&#8221; text_font=&#8221;||||||||&#8221; header_font=&#8221;Oswald|700|on|on|||||&#8221; header_text_align=&#8221;left&#8221; header_font_size=&#8221;4.9vw&#8221; header_letter_spacing=&#8221;0.18em&#8221; header_line_height=&#8221;1.4em&#8221; header_2_font=&#8221;||||||||&#8221; text_orientation=&#8221;center&#8221; custom_margin=&#8221;||0px&#8221; custom_margin_tablet=&#8221;|||0vw&#8221; custom_margin_phone=&#8221;||0px&#8221; custom_margin_last_edited=&#8221;off|desktop&#8221; animation_style=&#8221;slide&#8221; animation_direction=&#8221;top&#8221; animation_delay=&#8221;100ms&#8221; animation_intensity_slide=&#8221;10%&#8221; header_font_size_tablet=&#8221;7.5vw&#8221; header_font_size_phone=&#8221;&#8221; header_font_size_last_edited=&#8221;on|desktop&#8221; header_text_shadow_style=&#8221;preset3&#8243; header_text_shadow_blur_strength=&#8221;0.4em&#8221; header_text_shadow_color=&#8221;rgba(149,173,193,0.46)&#8221; global_colors_info=&#8221;{}&#8221; header_2_font_size__hover=&#8221;26px&#8221; header_2_font_size__hover_enabled=&#8221;26px&#8221; header_2_letter_spacing__hover=&#8221;0px&#8221; header_2_letter_spacing__hover_enabled=&#8221;0px&#8221; header_2_line_height__hover=&#8221;1em&#8221; header_2_line_height__hover_enabled=&#8221;1em&#8221; header_2_text_shadow_style__hover=&#8221;none&#8221; header_2_text_shadow_style__hover_enabled=&#8221;none&#8221; header_2_text_shadow_color__hover=&#8221;rgba(0,0,0,0.4)&#8221; header_2_text_shadow_color__hover_enabled=&#8221;rgba(0,0,0,0.4)&#8221; header_4_font_size__hover=&#8221;18px&#8221; header_4_font_size__hover_enabled=&#8221;18px&#8221; header_4_letter_spacing__hover=&#8221;0px&#8221; header_4_letter_spacing__hover_enabled=&#8221;0px&#8221; header_4_line_height__hover=&#8221;1em&#8221; header_4_line_height__hover_enabled=&#8221;1em&#8221; header_4_text_shadow_style__hover=&#8221;none&#8221; header_4_text_shadow_style__hover_enabled=&#8221;none&#8221; header_4_text_shadow_color__hover=&#8221;rgba(0,0,0,0.4)&#8221; header_4_text_shadow_color__hover_enabled=&#8221;rgba(0,0,0,0.4)&#8221;]<\/p>\n<h1><span dir=\"auto\"><span dir=\"auto\" class=\"\">Pol\u00edtica de privadesa<\/span><\/span><\/h1>\n<p>[\/et_pb_text][\/et_pb_column][\/et_pb_row][\/et_pb_section][et_pb_section fb_built=&#8221;1&#8243; admin_label=&#8221;section&#8221; _builder_version=&#8221;4.16&#8243; _module_preset=&#8221;default&#8221; custom_padding=&#8221;0px|||||&#8221; global_colors_info=&#8221;{}&#8221;][et_pb_row admin_label=&#8221;row&#8221; _builder_version=&#8221;4.16&#8243; _module_preset=&#8221;default&#8221; background_size=&#8221;initial&#8221; background_position=&#8221;top_left&#8221; background_repeat=&#8221;repeat&#8221; width=&#8221;91.7%&#8221; global_colors_info=&#8221;{}&#8221;][et_pb_column type=&#8221;4_4&#8243; _builder_version=&#8221;4.16&#8243; _module_preset=&#8221;default&#8221; custom_padding=&#8221;|||&#8221; global_colors_info=&#8221;{}&#8221; custom_padding__hover=&#8221;|||&#8221;][et_pb_text admin_label=&#8221;Text&#8221; _builder_version=&#8221;4.27.4&#8243; _module_preset=&#8221;_initial&#8221; background_size=&#8221;initial&#8221; background_position=&#8221;top_left&#8221; background_repeat=&#8221;repeat&#8221; global_colors_info=&#8221;{}&#8221;]<\/p>\n<div class=\"et_pb_module et_pb_post_title et_pb_post_title_0 et_pb_bg_layout_light et_pb_text_align_left\">\n<div class=\"et_pb_title_container\">\n<div class=\"et_pb_module et_pb_post_title et_pb_post_title_0 et_pb_bg_layout_light et_pb_text_align_left\">\n<div class=\"et_pb_title_container\">\n<h2 class=\"entry-title\"><strong><span dir=\"auto\"><span dir=\"auto\" class=\"\">RESPONSABLE <span>\u00a0<\/span><\/span><\/span><\/strong><span><span dir=\"auto\"><span dir=\"auto\" class=\"\">\u2013\u00a0<\/span><\/span><\/span><strong><span dir=\"auto\"><span dir=\"auto\" class=\"\">Jorge Navarro Garcia \u2013 38100524N<\/span><\/span><\/strong><\/h2>\n<\/div>\n<\/div>\n<div class=\"et_pb_module et_pb_text et_pb_text_0 et_pb_text_align_left et_pb_bg_layout_light et_had_animation\">\n<div class=\"et_pb_text_inner\">\n<p><span dir=\"auto\">Responsable: Jorge Navarro Garcia-Miguel \u2013 38100524N<\/span><\/p>\n<p><span dir=\"auto\">Adre\u00e7a: C\/ Paisos Catalans n8 4E Sant Feliu de Llobregat 08980 Barcelona<\/span><\/p>\n<p><span dir=\"auto\">Contacte: Jorge Navarro Garcia-Miguel<\/span><\/p>\n<p><strong><span dir=\"auto\">FINALITATS<\/span><\/strong><\/p>\n<p><strong><span dir=\"auto\">LEGITIMACI\u00d3<\/span><\/strong><\/p>\n<p><strong><span dir=\"auto\">CONSERVACI\u00d3<\/span><\/strong><\/p>\n<p><strong><span dir=\"auto\">DESTINATARIS No\u00a0<\/span><\/strong><span dir=\"auto\"><span>\u00a0<\/span>cedim les vostres dades a tercers<\/span><\/p>\n<p><strong><span dir=\"auto\">TRANSFER\u00c8NCIES<\/span><\/strong><\/p>\n<p><strong><span dir=\"auto\">INTERNACIONALS\u00a0<\/span><\/strong><span dir=\"auto\"><span>\u00a0<\/span>No realitzem transfer\u00e8ncies internacionals de les vostres dades<\/span><\/p>\n<p><strong><span dir=\"auto\">PROCED\u00c8NCIA<\/span><\/strong><\/p>\n<p><strong><span dir=\"auto\">DRETS\u00a0<\/span><\/strong><span dir=\"auto\"><span>\u00a0<\/span>Vost\u00e8 t\u00e9 dret a accedir a les seves dades, rectificar-les, suprimir-les, limitar o oposar-se al seu tractament, a la seva portabilitat, a retirar-ne el consentiment ia presentar reclamacions davant l&#8217;Autoritat de Control (Ag\u00e8ncia Espanyola de Protecci\u00f3 de Dades). M\u00e9s informaci\u00f3 a la nostra \u00abPol\u00edtica de Privadesa i Protecci\u00f3 de Dades\u00bb.<\/span><\/p>\n<p><strong><span dir=\"auto\">DETALLS DE LA NOSTRA POL\u00cdTICA DE PRIVACITAT<\/span><\/strong><\/p>\n<p><strong>\u00a0<\/strong><strong><span dir=\"auto\">1.- INFORMACI\u00d3 GENERAL<\/span><\/strong><\/p>\n<p><span dir=\"auto\">Aquesta \u00abPol\u00edtica de Privadesa i Protecci\u00f3 de Dades\u00bb t\u00e9 com a finalitat donar a con\u00e8ixer les condicions que regeixen la recollida i el tractament de les seves dades personals per part de la nostra entitat o grup corporatiu per vetllar pels drets fonamentals, el seu honor i llibertats, tot aix\u00f2 en compliment de les normatives vigents que regulen la Protecci\u00f3 de Dades personals segons la Uni\u00f3 Europea i l&#8217;Estat Membre espanyol.<\/span><\/p>\n<p><span dir=\"auto\">De conformitat amb aquestes normatives, necessitem disposar de la vostra autoritzaci\u00f3 i consentiment per a la recollida i el tractament de les vostres dades personals, per la qual cosa a continuaci\u00f3, us indiquem tots els detalls del vostre inter\u00e8s respecte a com realitzem aquests processos, amb quines finalitats, que altres entitats podrien tenir acc\u00e9s a les vostres dades i quins s\u00f3n els vostres drets.<\/span><\/p>\n<p><span dir=\"auto\">Per tot aix\u00f2, una vegada revisada i llegida la nostra Pol\u00edtica de Protecci\u00f3 de Dades, \u00e9s imprescindible que l&#8217;accepti en prova de la seva conformitat i consentiment.<\/span><\/p>\n<p><strong><span dir=\"auto\">2.- RESPONSABLE DEL TRACTAMENT<\/span><\/strong><\/p>\n<p><strong><span dir=\"auto\">Qui recull i tracta les dades?<\/span><\/strong><\/p>\n<p><span dir=\"auto\">El responsable del Tractament de Dades \u00e9s aquella persona f\u00edsica o jur\u00eddica, de naturalesa p\u00fablica o privada, o \u00f2rgan administratiu, que sol o conjuntament amb altres determini els fins i els mitjans del tractament de dades personals; en cas que els fins i els mitjans del tractament estiguin determinats pel dret de la Uni\u00f3 Europea o de l&#8217;Estat Membre espanyol.<\/span><\/p>\n<p><span dir=\"auto\">En aquest cas, les nostres dades identificatives com a responsable del Tractament s\u00f3n les seg\u00fcents:<\/span><\/p>\n<p><span dir=\"auto\">Responsable: Jorge Navarro Garcia-Miguel \u2013 38100524N<\/span><\/p>\n<p><span dir=\"auto\">Adre\u00e7a: C\/ Paisos Catalans n8 4E Sant Feliu de Llobregat 08980 Barcelona<\/span><\/p>\n<p><span dir=\"auto\">Contacte: Jorge Navarro Garcia-Miguel<\/span><\/p>\n<p><strong><span dir=\"auto\">Com podeu contactar amb nosaltres?<\/span><\/strong><\/p>\n<p>&nbsp;<\/p>\n<p><strong><span dir=\"auto\">3.- MESURES DE SEGURETAT<\/span><\/strong><\/p>\n<p><strong><span dir=\"auto\">Qu\u00e8 fem per garantir la privadesa de les seves dades?<\/span><\/strong><\/p>\n<p><span dir=\"auto\">La nostra entitat o grup corporatiu adopta les mesures organitzatives i t\u00e8cniques necess\u00e0ries per garantir la seguretat i la privadesa de les seves dades, evitar la seva alteraci\u00f3, p\u00e8rdua, tractament o acc\u00e9s no autoritzat, depenent de l&#8217;estat de la tecnologia, la naturalesa de les dades emmagatzemades i els riscos a qu\u00e8 estan exposats.<\/span><\/p>\n<p><span dir=\"auto\">Entre altres, destaquen les mesures seg\u00fcents:<\/span><\/p>\n<p><span dir=\"auto\">Garantir la confidencialitat, integritat, disponibilitat i resili\u00e8ncia permanents dels sistemes i serveis de tractament.<\/span><\/p>\n<p><span dir=\"auto\">Restaurar la disponibilitat i l&#8217;acc\u00e9s a les dades personals de manera r\u00e0pida, en cas d&#8217;incident f\u00edsic o t\u00e8cnic.<\/span><\/p>\n<p><span dir=\"auto\">Verificar, avaluar i valorar, de manera regular, l&#8217;efic\u00e0cia de les mesures t\u00e8cniques i organitzatives implementades per garantir la<\/span><\/p>\n<p><span dir=\"auto\">seguretat del tractament.<\/span><\/p>\n<p><span dir=\"auto\">Seudonimitzar i xifrar les dades personals, en cas que es tracti de dades sensibles.<\/span><\/p>\n<p><strong><span dir=\"auto\">4.- FINALITAT DEL TRACTAMENT<\/span><\/strong><\/p>\n<p><strong><span dir=\"auto\">Per qu\u00e8 volem tractar les vostres dades?<\/span><\/strong><\/p>\n<p><span dir=\"auto\">Necessitem la seva autoritzaci\u00f3 i consentiment per a demanar i tractar les vostres dades personals, per la qual cosa a continuaci\u00f3 us detallem els usos i finalitats previstes.<\/span><\/p>\n<p><strong><span dir=\"auto\">Durant quant de temps conservem les vostres dades?<\/span><\/strong><\/p>\n<p><span dir=\"auto\">Utilitzem les vostres dades durant el temps estrictament necessari per complir les finalitats indicades anteriorment. Llevat que hi hagi una obligaci\u00f3 o requeriment legal, els terminis de conservaci\u00f3 previstos s\u00f3n:<\/span><\/p>\n<p><strong><span dir=\"auto\">5.- LEGITIMACI\u00d3 DEL TRACTAMENT<\/span><\/strong><\/p>\n<p><strong><span dir=\"auto\">Per qu\u00e8 tractem les vostres dades?<\/span><\/strong><\/p>\n<p><span dir=\"auto\">La recollida i el tractament de les vostres dades est\u00e0 legitimat sempre per una o diverses bases jur\u00eddiques, les quals detallem a continuaci\u00f3.<\/span><\/p>\n<p><strong>\u00a0<\/strong><strong><span dir=\"auto\">6.- DESTINATARIS DE LES SEVES DADES<\/span><\/strong><\/p>\n<p><strong><span dir=\"auto\">A qui cedim les vostres dades dins de la Uni\u00f3 Europea?<\/span><\/strong><\/p>\n<p><span dir=\"auto\">No realitzem cessions de les vostres dades a terceres persones ni entitats, excepte obligaci\u00f3 legal.<\/span><\/p>\n<p><strong><span dir=\"auto\">Realitzem Transfer\u00e8ncies Internacionals de les vostres dades fora de la Uni\u00f3 Europea?<\/span><\/strong><\/p>\n<p><span dir=\"auto\">No realitzem transfer\u00e8ncies internacionals de les vostres dades<\/span><\/p>\n<p><strong><span dir=\"auto\">7.- PROCED\u00c8NCIA I TIPUS DE DADES TRACTADES<\/span><\/strong><\/p>\n<p><strong><span dir=\"auto\">D&#8217;on hem obtingut les vostres dades?<\/span><\/strong><\/p>\n<p><strong><span dir=\"auto\">Quins tipus de dades seves hem demanat i tractem?<\/span><\/strong><\/p>\n<p><strong>\u00a0<\/strong><strong><span dir=\"auto\">8.- DRETS DELS INTERESSATS<\/span><\/strong><\/p>\n<p><strong><span dir=\"auto\">Quins s\u00f3n els drets que us emparen?<\/span><\/strong><\/p>\n<p><span dir=\"auto\">La normativa vigent de protecci\u00f3 de dades us empara en una s\u00e8rie de drets en relaci\u00f3 amb l&#8217;\u00fas que donem a les vostres dades. Tots i<\/span><\/p>\n<p><span dir=\"auto\">cadascun dels seus drets s\u00f3n unipersonals i intransferibles, \u00e9s a dir, que \u00fanicament poden ser realitzats pel titular dels<\/span><\/p>\n<p><span dir=\"auto\">dades, pr\u00e8via comprovaci\u00f3 de la identitat.<\/span><\/p>\n<p><span dir=\"auto\">A continuaci\u00f3, us indiquem quins s\u00f3n els drets que us assisteixen:<\/span><\/p>\n<ul>\n<li><span dir=\"auto\">Sol\u00b7licitar l&#8217;ACC\u00c9S a les vostres dades personals.<\/span><\/li>\n<li><span dir=\"auto\">Sol\u00b7licitar la RECTIFICACI\u00d3 de les seves dades.<\/span><\/li>\n<li><span dir=\"auto\">Sol\u00b7licitar la SUPRESSI\u00d3 o eliminaci\u00f3 de les seves dades (dret a l&#8217;oblit)<\/span><\/li>\n<li><span dir=\"auto\">LIMITAR o OPOSAR-SE a l&#8217;\u00fas que donem a les vostres dades.<\/span><\/li>\n<li><span dir=\"auto\">Dret a la PORTABILITAT de les vostres dades per a casos de serveis de telecomunicacions o internet.<\/span><\/li>\n<li><span dir=\"auto\">Dret a RETIRAR-ne el consentiment en qualsevol moment.<\/span><\/li>\n<li><span dir=\"auto\">Dret a presentar una RECLAMACI\u00d3 en mat\u00e8ria de protecci\u00f3 de dades davant de l&#8217;Autoritat de control: Ag\u00e8ncia Espanyola de Protecci\u00f3 de Dades.<\/span><\/li>\n<\/ul>\n<p><strong><span dir=\"auto\">Com podeu exercir els vostres drets en relaci\u00f3 amb les vostres dades?<\/span><\/strong><\/p>\n<p><span dir=\"auto\">Per a l&#8217;exercici dels vostres drets d&#8217;acc\u00e9s, rectificaci\u00f3, supressi\u00f3, limitaci\u00f3 o oposici\u00f3, portabilitat i retirada del vostre consentiment, podeu fer-ho de la manera seg\u00fcent:<\/span><\/p>\n<p><strong><span dir=\"auto\">Com pot presentar una reclamaci\u00f3?<\/span><\/strong><\/p>\n<p><span dir=\"auto\">A m\u00e9s dels drets que us assisteixen, si creieu que les vostres dades no s&#8217;estan demanant o tractant d&#8217;acord amb la normativa vigent de Protecci\u00f3 de Dades, podreu realitzar una reclamaci\u00f3 davant l&#8217;Autoritat de Control, les dades de contacte de les quals indiquem a continuaci\u00f3:<\/span><\/p>\n<p><strong><span dir=\"auto\">9.- CONSENTIMENT I ACCEPTACI\u00d3<\/span><\/strong><\/p>\n<p><span dir=\"auto\">L&#8217;acceptaci\u00f3 del present document indica que vost\u00e8 ent\u00e9n, accepta totes les cl\u00e0usules de la nostra pol\u00edtica de privadesa pel que autoritza la recollida i el tractament de les seves dades personals en aquests termes. Aquesta acceptaci\u00f3 es realitza mitjan\u00e7ant l&#8217;activaci\u00f3 de la casella de verificaci\u00f3 de \u00abLectura i Acceptaci\u00f3\u00bb de la nostra Pol\u00edtica de Privadesa<\/span><\/p>\n<\/div>\n<\/div>\n<\/div>\n<\/div>\n<p>[\/et_pb_text][\/et_pb_column][\/et_pb_row][\/et_pb_section]<\/p>\n","protected":false},"excerpt":{"rendered":"<p>Pol\u00edtica de privadesa RESPONSABLE \u00a0\u2013\u00a0Jorge Navarro Garcia \u2013 38100524N Responsable: Jorge Navarro Garcia-Miguel \u2013 38100524N Adre\u00e7a: C\/ Paisos Catalans n8 4E Sant Feliu de Llobregat 08980 Barcelona Contacte: Jorge Navarro Garcia-Miguel FINALITATS LEGITIMACI\u00d3 CONSERVACI\u00d3 DESTINATARIS No\u00a0\u00a0cedim les vostres dades a tercers TRANSFER\u00c8NCIES INTERNACIONALS\u00a0\u00a0No realitzem transfer\u00e8ncies internacionals de les vostres dades PROCED\u00c8NCIA DRETS\u00a0\u00a0Vost\u00e8 t\u00e9 dret a [&hellip;]<\/p>\n","protected":false},"author":4,"featured_media":0,"parent":0,"menu_order":0,"comment_status":"closed","ping_status":"closed","template":"","meta":{"_et_pb_use_builder":"on","_et_pb_old_content":"","_et_gb_content_width":"","footnotes":""},"class_list":["post-805","page","type-page","status-publish","hentry"],"_links":{"self":[{"href":"https:\/\/jonagami.com\/escolamestral\/wp-json\/wp\/v2\/pages\/805","targetHints":{"allow":["GET"]}}],"collection":[{"href":"https:\/\/jonagami.com\/escolamestral\/wp-json\/wp\/v2\/pages"}],"about":[{"href":"https:\/\/jonagami.com\/escolamestral\/wp-json\/wp\/v2\/types\/page"}],"author":[{"embeddable":true,"href":"https:\/\/jonagami.com\/escolamestral\/wp-json\/wp\/v2\/users\/4"}],"replies":[{"embeddable":true,"href":"https:\/\/jonagami.com\/escolamestral\/wp-json\/wp\/v2\/comments?post=805"}],"version-history":[{"count":7,"href":"https:\/\/jonagami.com\/escolamestral\/wp-json\/wp\/v2\/pages\/805\/revisions"}],"predecessor-version":[{"id":992,"href":"https:\/\/jonagami.com\/escolamestral\/wp-json\/wp\/v2\/pages\/805\/revisions\/992"}],"wp:attachment":[{"href":"https:\/\/jonagami.com\/escolamestral\/wp-json\/wp\/v2\/media?parent=805"}],"curies":[{"name":"wp","href":"https:\/\/api.w.org\/{rel}","templated":true}]}}